{"id":63784,"date":"2021-09-02T09:52:35","date_gmt":"2021-09-02T07:52:35","guid":{"rendered":"https:\/\/villarrealcf.es\/\/nace-el-submarino-amarillo\/"},"modified":"2022-10-07T16:24:53","modified_gmt":"2022-10-07T14:24:53","slug":"nace-el-submarino-amarillo","status":"publish","type":"page","link":"https:\/\/villarrealcf.es\/val\/nace-el-submarino-amarillo\/","title":{"rendered":"Naix el &#8220;Submar\u00ed Groc&#8221;"},"content":{"protected":false,"blocks":[{"type":"heading","widget":"heading","level":2,"text":"1967-68 Naix el sobrenom de el \u2018Submar\u00ed Groc\u2019"},{"type":"text","widget":"text-editor","text":"La denominaci\u00f3 de el \u2018Submar\u00ed Groc\u2019 naix arran de la can\u00e7\u00f3 dels Beatles \u2018Yellow Submarine\u2019 (1966). En la temporada 1967-68, el club tractava ascendir novament a Tercera Divisi\u00f3, objectiu que finalment aconseguiria en eixa campanya. En un dels fons, una penya de joves aficionats va comen\u00e7ar a fer sonar en un tocadiscs a piles la can\u00e7\u00f3 dels Beatles durant els partits. I la cantaven amb la seua particular lletra: \u201cAmarillo el Submarino es\/amarillo es\/amarillo es\u201d.L\u2019uniform del Villarreal CF amb el passar dels anys passaria a ser groc amb rivets i pantalons blaus. Fins que en la \u2018\u00c8poca Daurada\u2019 de l\u2019entitat, en la qual s\u2019assenta en l\u2019elit del futbol nacional i internacional (2004-05), el club decideix vestir tot de groc \u2013incl\u00f2s les mitjanes- en honor a aquell sobrenom.","paragraphs":["La denominaci\u00f3 de el \u2018Submar\u00ed Groc\u2019 naix arran de la can\u00e7\u00f3 dels Beatles \u2018Yellow Submarine\u2019 (1966). En la temporada 1967-68, el club tractava ascendir novament a Tercera Divisi\u00f3, objectiu que finalment aconseguiria en eixa campanya. En un dels fons, una penya de joves aficionats va comen\u00e7ar a fer sonar en un tocadiscs a piles la can\u00e7\u00f3 dels Beatles durant els partits. I la cantaven amb la seua particular lletra: \u201cAmarillo el Submarino es\/amarillo es\/amarillo es\u201d.","L\u2019uniform del Villarreal CF amb el passar dels anys passaria a ser groc amb rivets i pantalons blaus. Fins que en la \u2018\u00c8poca Daurada\u2019 de l\u2019entitat, en la qual s\u2019assenta en l\u2019elit del futbol nacional i internacional (2004-05), el club decideix vestir tot de groc \u2013incl\u00f2s les mitjanes- en honor a aquell sobrenom."]},{"type":"image","widget":"image","url":"https:\/\/villarrealcf.es\/wp-content\/uploads\/2022\/10\/refundacion-y-fundacion-submarino.png","alt":"","width":0,"height":0,"srcset":"","sizes":""}],"structured":{"summary":{"text":"1967-68 Naix el sobrenom de el \u2018Submar\u00ed Groc\u2019 La denominaci\u00f3 de el \u2018Submar\u00ed Groc\u2019 naix arran de la can\u00e7\u00f3 dels Beatles \u2018Yellow Submarine\u2019 (1966). En la temporada 1967-68, el club tractava ascendir novament a Tercera Divisi\u00f3, objectiu que finalment aconseguiria en eixa campanya. En un dels fons, una penya de joves aficionats va comen\u00e7ar a fer sonar en un tocadiscs a piles la can\u00e7\u00f3 dels Beatles durant els partits. I la cantaven amb la seua particular lletra: \u201cAmarillo el Submarino es\/amarillo es\/amarillo es\u201d.L\u2019uniform del Villarreal CF amb el passar dels anys passaria a ser groc amb rivets i pantalons blaus. Fins que en la \u2018\u00c8poca Daurada\u2019 de l\u2019entitat, en la qual s\u2019assenta en l\u2019elit del futbol nacional i internacional (2004-05), el club decideix vestir tot de groc \u2013incl\u00f2s les mitjanes- en honor a aquell sobrenom.","headings":[{"type":"heading","widget":"heading","level":2,"text":"1967-68 Naix el sobrenom de el \u2018Submar\u00ed Groc\u2019"}],"buttons":[],"images":[{"type":"image","widget":"image","url":"https:\/\/villarrealcf.es\/wp-content\/uploads\/2022\/10\/refundacion-y-fundacion-submarino.png","alt":"","width":0,"height":0,"srcset":"","sizes":""}],"counts":{"blocks":3,"headings":1,"texts":1,"buttons":0,"images":1},"containers":1},"sections":[{"id":"be28414","type":"container","classes":["elementor-section","elementor-top-section","elementor-element","elementor-element-be28414","elementor-section-boxed","elementor-section-height-default"],"title":"1967-68 Naix el sobrenom de el \u2018Submar\u00ed Groc\u2019","text":"1967-68 Naix el sobrenom de el \u2018Submar\u00ed Groc\u2019 La denominaci\u00f3 de el \u2018Submar\u00ed Groc\u2019 naix arran de la can\u00e7\u00f3 dels Beatles \u2018Yellow Submarine\u2019 (1966). En la temporada 1967-68, el club tractava ascendir novament a Tercera Divisi\u00f3, objectiu que finalment aconseguiria en eixa campanya. En un dels fons, una penya de joves aficionats va comen\u00e7ar a fer sonar en un tocadiscs a piles la can\u00e7\u00f3 dels Beatles durant els partits. I la cantaven amb la seua particular lletra: \u201cAmarillo el Submarino es\/amarillo es\/amarillo es\u201d.L\u2019uniform del Villarreal CF amb el passar dels anys passaria a ser groc amb rivets i pantalons blaus. Fins que en la \u2018\u00c8poca Daurada\u2019 de l\u2019entitat, en la qual s\u2019assenta en l\u2019elit del futbol nacional i internacional (2004-05), el club decideix vestir tot de groc \u2013incl\u00f2s les mitjanes- en honor a aquell sobrenom.","headings":[{"type":"heading","widget":"heading","level":2,"text":"1967-68 Naix el sobrenom de el \u2018Submar\u00ed Groc\u2019"}],"texts":[{"type":"text","widget":"text-editor","text":"La denominaci\u00f3 de el \u2018Submar\u00ed Groc\u2019 naix arran de la can\u00e7\u00f3 dels Beatles \u2018Yellow Submarine\u2019 (1966). En la temporada 1967-68, el club tractava ascendir novament a Tercera Divisi\u00f3, objectiu que finalment aconseguiria en eixa campanya. En un dels fons, una penya de joves aficionats va comen\u00e7ar a fer sonar en un tocadiscs a piles la can\u00e7\u00f3 dels Beatles durant els partits. I la cantaven amb la seua particular lletra: \u201cAmarillo el Submarino es\/amarillo es\/amarillo es\u201d.L\u2019uniform del Villarreal CF amb el passar dels anys passaria a ser groc amb rivets i pantalons blaus. Fins que en la \u2018\u00c8poca Daurada\u2019 de l\u2019entitat, en la qual s\u2019assenta en l\u2019elit del futbol nacional i internacional (2004-05), el club decideix vestir tot de groc \u2013incl\u00f2s les mitjanes- en honor a aquell sobrenom.","paragraphs":["La denominaci\u00f3 de el \u2018Submar\u00ed Groc\u2019 naix arran de la can\u00e7\u00f3 dels Beatles \u2018Yellow Submarine\u2019 (1966). En la temporada 1967-68, el club tractava ascendir novament a Tercera Divisi\u00f3, objectiu que finalment aconseguiria en eixa campanya. En un dels fons, una penya de joves aficionats va comen\u00e7ar a fer sonar en un tocadiscs a piles la can\u00e7\u00f3 dels Beatles durant els partits. I la cantaven amb la seua particular lletra: \u201cAmarillo el Submarino es\/amarillo es\/amarillo es\u201d.","L\u2019uniform del Villarreal CF amb el passar dels anys passaria a ser groc amb rivets i pantalons blaus. Fins que en la \u2018\u00c8poca Daurada\u2019 de l\u2019entitat, en la qual s\u2019assenta en l\u2019elit del futbol nacional i internacional (2004-05), el club decideix vestir tot de groc \u2013incl\u00f2s les mitjanes- en honor a aquell sobrenom."]}],"buttons":[],"images":[{"type":"image","widget":"image","url":"https:\/\/villarrealcf.es\/wp-content\/uploads\/2022\/10\/refundacion-y-fundacion-submarino.png","alt":"","width":0,"height":0,"srcset":"","sizes":""}],"widgets":["heading","text-editor","image"],"blocks":[{"type":"heading","widget":"heading","level":2,"text":"1967-68 Naix el sobrenom de el \u2018Submar\u00ed Groc\u2019"},{"type":"text","widget":"text-editor","text":"La denominaci\u00f3 de el \u2018Submar\u00ed Groc\u2019 naix arran de la can\u00e7\u00f3 dels Beatles \u2018Yellow Submarine\u2019 (1966). En la temporada 1967-68, el club tractava ascendir novament a Tercera Divisi\u00f3, objectiu que finalment aconseguiria en eixa campanya. En un dels fons, una penya de joves aficionats va comen\u00e7ar a fer sonar en un tocadiscs a piles la can\u00e7\u00f3 dels Beatles durant els partits. I la cantaven amb la seua particular lletra: \u201cAmarillo el Submarino es\/amarillo es\/amarillo es\u201d.L\u2019uniform del Villarreal CF amb el passar dels anys passaria a ser groc amb rivets i pantalons blaus. Fins que en la \u2018\u00c8poca Daurada\u2019 de l\u2019entitat, en la qual s\u2019assenta en l\u2019elit del futbol nacional i internacional (2004-05), el club decideix vestir tot de groc \u2013incl\u00f2s les mitjanes- en honor a aquell sobrenom.","paragraphs":["La denominaci\u00f3 de el \u2018Submar\u00ed Groc\u2019 naix arran de la can\u00e7\u00f3 dels Beatles \u2018Yellow Submarine\u2019 (1966). En la temporada 1967-68, el club tractava ascendir novament a Tercera Divisi\u00f3, objectiu que finalment aconseguiria en eixa campanya. En un dels fons, una penya de joves aficionats va comen\u00e7ar a fer sonar en un tocadiscs a piles la can\u00e7\u00f3 dels Beatles durant els partits. I la cantaven amb la seua particular lletra: \u201cAmarillo el Submarino es\/amarillo es\/amarillo es\u201d.","L\u2019uniform del Villarreal CF amb el passar dels anys passaria a ser groc amb rivets i pantalons blaus. Fins que en la \u2018\u00c8poca Daurada\u2019 de l\u2019entitat, en la qual s\u2019assenta en l\u2019elit del futbol nacional i internacional (2004-05), el club decideix vestir tot de groc \u2013incl\u00f2s les mitjanes- en honor a aquell sobrenom."]},{"type":"image","widget":"image","url":"https:\/\/villarrealcf.es\/wp-content\/uploads\/2022\/10\/refundacion-y-fundacion-submarino.png","alt":"","width":0,"height":0,"srcset":"","sizes":""}],"children":[]}],"hero":{"id":"be28414","type":"container","classes":["elementor-section","elementor-top-section","elementor-element","elementor-element-be28414","elementor-section-boxed","elementor-section-height-default"],"title":"1967-68 Naix el sobrenom de el \u2018Submar\u00ed Groc\u2019","text":"1967-68 Naix el sobrenom de el \u2018Submar\u00ed Groc\u2019 La denominaci\u00f3 de el \u2018Submar\u00ed Groc\u2019 naix arran de la can\u00e7\u00f3 dels Beatles \u2018Yellow Submarine\u2019 (1966). En la temporada 1967-68, el club tractava ascendir novament a Tercera Divisi\u00f3, objectiu que finalment aconseguiria en eixa campanya. En un dels fons, una penya de joves aficionats va comen\u00e7ar a fer sonar en un tocadiscs a piles la can\u00e7\u00f3 dels Beatles durant els partits. I la cantaven amb la seua particular lletra: \u201cAmarillo el Submarino es\/amarillo es\/amarillo es\u201d.L\u2019uniform del Villarreal CF amb el passar dels anys passaria a ser groc amb rivets i pantalons blaus. Fins que en la \u2018\u00c8poca Daurada\u2019 de l\u2019entitat, en la qual s\u2019assenta en l\u2019elit del futbol nacional i internacional (2004-05), el club decideix vestir tot de groc \u2013incl\u00f2s les mitjanes- en honor a aquell sobrenom.","headings":[{"type":"heading","widget":"heading","level":2,"text":"1967-68 Naix el sobrenom de el \u2018Submar\u00ed Groc\u2019"}],"texts":[{"type":"text","widget":"text-editor","text":"La denominaci\u00f3 de el \u2018Submar\u00ed Groc\u2019 naix arran de la can\u00e7\u00f3 dels Beatles \u2018Yellow Submarine\u2019 (1966). En la temporada 1967-68, el club tractava ascendir novament a Tercera Divisi\u00f3, objectiu que finalment aconseguiria en eixa campanya. En un dels fons, una penya de joves aficionats va comen\u00e7ar a fer sonar en un tocadiscs a piles la can\u00e7\u00f3 dels Beatles durant els partits. I la cantaven amb la seua particular lletra: \u201cAmarillo el Submarino es\/amarillo es\/amarillo es\u201d.L\u2019uniform del Villarreal CF amb el passar dels anys passaria a ser groc amb rivets i pantalons blaus. Fins que en la \u2018\u00c8poca Daurada\u2019 de l\u2019entitat, en la qual s\u2019assenta en l\u2019elit del futbol nacional i internacional (2004-05), el club decideix vestir tot de groc \u2013incl\u00f2s les mitjanes- en honor a aquell sobrenom.","paragraphs":["La denominaci\u00f3 de el \u2018Submar\u00ed Groc\u2019 naix arran de la can\u00e7\u00f3 dels Beatles \u2018Yellow Submarine\u2019 (1966). En la temporada 1967-68, el club tractava ascendir novament a Tercera Divisi\u00f3, objectiu que finalment aconseguiria en eixa campanya. En un dels fons, una penya de joves aficionats va comen\u00e7ar a fer sonar en un tocadiscs a piles la can\u00e7\u00f3 dels Beatles durant els partits. I la cantaven amb la seua particular lletra: \u201cAmarillo el Submarino es\/amarillo es\/amarillo es\u201d.","L\u2019uniform del Villarreal CF amb el passar dels anys passaria a ser groc amb rivets i pantalons blaus. Fins que en la \u2018\u00c8poca Daurada\u2019 de l\u2019entitat, en la qual s\u2019assenta en l\u2019elit del futbol nacional i internacional (2004-05), el club decideix vestir tot de groc \u2013incl\u00f2s les mitjanes- en honor a aquell sobrenom."]}],"buttons":[],"images":[{"type":"image","widget":"image","url":"https:\/\/villarrealcf.es\/wp-content\/uploads\/2022\/10\/refundacion-y-fundacion-submarino.png","alt":"","width":0,"height":0,"srcset":"","sizes":""}],"widgets":["heading","text-editor","image"],"blocks":[{"type":"heading","widget":"heading","level":2,"text":"1967-68 Naix el sobrenom de el \u2018Submar\u00ed Groc\u2019"},{"type":"text","widget":"text-editor","text":"La denominaci\u00f3 de el \u2018Submar\u00ed Groc\u2019 naix arran de la can\u00e7\u00f3 dels Beatles \u2018Yellow Submarine\u2019 (1966). En la temporada 1967-68, el club tractava ascendir novament a Tercera Divisi\u00f3, objectiu que finalment aconseguiria en eixa campanya. En un dels fons, una penya de joves aficionats va comen\u00e7ar a fer sonar en un tocadiscs a piles la can\u00e7\u00f3 dels Beatles durant els partits. I la cantaven amb la seua particular lletra: \u201cAmarillo el Submarino es\/amarillo es\/amarillo es\u201d.L\u2019uniform del Villarreal CF amb el passar dels anys passaria a ser groc amb rivets i pantalons blaus. Fins que en la \u2018\u00c8poca Daurada\u2019 de l\u2019entitat, en la qual s\u2019assenta en l\u2019elit del futbol nacional i internacional (2004-05), el club decideix vestir tot de groc \u2013incl\u00f2s les mitjanes- en honor a aquell sobrenom.","paragraphs":["La denominaci\u00f3 de el \u2018Submar\u00ed Groc\u2019 naix arran de la can\u00e7\u00f3 dels Beatles \u2018Yellow Submarine\u2019 (1966). En la temporada 1967-68, el club tractava ascendir novament a Tercera Divisi\u00f3, objectiu que finalment aconseguiria en eixa campanya. En un dels fons, una penya de joves aficionats va comen\u00e7ar a fer sonar en un tocadiscs a piles la can\u00e7\u00f3 dels Beatles durant els partits. I la cantaven amb la seua particular lletra: \u201cAmarillo el Submarino es\/amarillo es\/amarillo es\u201d.","L\u2019uniform del Villarreal CF amb el passar dels anys passaria a ser groc amb rivets i pantalons blaus. Fins que en la \u2018\u00c8poca Daurada\u2019 de l\u2019entitat, en la qual s\u2019assenta en l\u2019elit del futbol nacional i internacional (2004-05), el club decideix vestir tot de groc \u2013incl\u00f2s les mitjanes- en honor a aquell sobrenom."]},{"type":"image","widget":"image","url":"https:\/\/villarrealcf.es\/wp-content\/uploads\/2022\/10\/refundacion-y-fundacion-submarino.png","alt":"","width":0,"height":0,"srcset":"","sizes":""}],"children":[]}},"sections":[{"id":"be28414","title":"1967-68 Naix el sobrenom de el \u2018Submar\u00ed Groc\u2019","text":"1967-68 Naix el sobrenom de el \u2018Submar\u00ed Groc\u2019 La denominaci\u00f3 de el \u2018Submar\u00ed Groc\u2019 naix arran de la can\u00e7\u00f3 dels Beatles \u2018Yellow Submarine\u2019 (1966). En la temporada 1967-68, el club tractava ascendir novament a Tercera Divisi\u00f3, objectiu que finalment aconseguiria en eixa campanya. En un dels fons, una penya de joves aficionats va comen\u00e7ar a fer sonar en un tocadiscs a piles la can\u00e7\u00f3 dels Beatles durant els partits. I la cantaven amb la seua particular lletra: \u201cAmarillo el Submarino es\/amarillo es\/amarillo es\u201d.L\u2019uniform del Villarreal CF amb el passar dels anys passaria a ser groc amb rivets i pantalons blaus. Fins que en la \u2018\u00c8poca Daurada\u2019 de l\u2019entitat, en la qual s\u2019assenta en l\u2019elit del futbol nacional i internacional (2004-05), el club decideix vestir tot de groc \u2013incl\u00f2s les mitjanes- en honor a aquell sobrenom.","url":"","background_image":"","images":[{"url":"https:\/\/villarrealcf.es\/wp-content\/uploads\/2022\/10\/refundacion-y-fundacion-submarino.png","alt":"","width":0,"height":0}],"videos":[],"links":[]}]},"excerpt":{"rendered":"1967-68 Naix el sobrenom de el \u2018Submar\u00ed Groc\u2019 La denominaci\u00f3 de el \u2018Submar\u00ed Groc\u2019 naix arran de la can\u00e7\u00f3 dels Beatles \u2018Yellow Submarine\u2019 (1966). En la temporada 1967-68, el club tractava ascendir novament a Tercera Divisi\u00f3, objectiu que finalment aconseguiria en eixa campanya. En un dels fons, una penya de joves aficionats va comen\u00e7ar a","protected":false},"author":1,"featured_media":0,"parent":0,"menu_order":0,"comment_status":"closed","ping_status":"closed","template":"page-templates\/no-wrapper.php","meta":{"_acf_changed":false,"footnotes":""},"acf":null,"lang":"val","translations":{"es":5797,"en":63783,"val":63784},"essential_grid":{"has_grid":false},"formatted_date":"September 2, 2021","modified_date":"October 7, 2022","permalink":"https:\/\/villarrealcf.es\/val\/nace-el-submarino-amarillo\/","reading_time":1,"featured_media_data":null,"author_data":{"id":"1","name":"root_envidea","first_name":"Villarreal CF","last_name":"","description":"","avatar_url":"https:\/\/secure.gravatar.com\/avatar\/48f95f42a3ccc324f3a3458e4b9e6fb070b083e99d388e170c1afb061fa99b63?s=96&d=mm&r=g","acf":null},"taxonomies_data":{"translation_priority":[{"id":735,"name":"Optional","slug":"optional-val","acf":null}]},"seo_full":{"native":{"title":"Naix el &#8220;Submar\u00ed Groc&#8221; - Web Oficial del Villarreal CF","description":"1967-68 Naix el sobrenom de el \u2018Submar\u00ed Groc\u2019 La denominaci\u00f3 de el \u2018Submar\u00ed Groc\u2019 naix arran de la can\u00e7\u00f3 dels&hellip;","canonical":"https:\/\/villarrealcf.es\/val\/nace-el-submarino-amarillo\/"}},"_links":{"self":[{"href":"https:\/\/villarrealcf.es\/val\/wp-json\/wp\/v2\/pages\/63784","targetHints":{"allow":["GET"]}}],"collection":[{"href":"https:\/\/villarrealcf.es\/val\/wp-json\/wp\/v2\/pages"}],"about":[{"href":"https:\/\/villarrealcf.es\/val\/wp-json\/wp\/v2\/types\/page"}],"author":[{"embeddable":true,"href":"https:\/\/villarrealcf.es\/val\/wp-json\/wp\/v2\/users\/1"}],"replies":[{"embeddable":true,"href":"https:\/\/villarrealcf.es\/val\/wp-json\/wp\/v2\/comments?post=63784"}],"version-history":[{"count":0,"href":"https:\/\/villarrealcf.es\/val\/wp-json\/wp\/v2\/pages\/63784\/revisions"}],"wp:attachment":[{"href":"https:\/\/villarrealcf.es\/val\/wp-json\/wp\/v2\/media?parent=63784"}],"curies":[{"name":"wp","href":"https:\/\/api.w.org\/{rel}","templated":true}]}}