{"id":238420,"date":"2022-12-22T16:06:07","date_gmt":"2022-12-22T15:06:07","guid":{"rendered":"https:\/\/villarrealcf.es\/\/foto-con-el-xi-del-equipo\/"},"modified":"2026-03-18T18:14:24","modified_gmt":"2026-03-18T17:14:24","slug":"foto-con-el-xi-del-equipo","status":"publish","type":"page","link":"https:\/\/villarrealcf.es\/val\/foto-con-el-xi-del-equipo\/","title":{"rendered":"La teua foto amb el XI de l&#8217;equip"},"content":{"protected":false,"blocks":[{"type":"heading","widget":"heading","level":2,"text":"Fes-te una foto en l'amb l'onze inicial del pr\u00f2xim partit en casa!"},{"type":"heading","widget":"heading","level":3,"text":"Vols fer-te una foto amb els teus \u00eddols en els moments previs al pr\u00f3xim partit del Submar\u00ed en casa? Viu una jornada especial posant en la gespa al costat dels jugadors del Villarreal CF. Emplena el formulari, inscriu-te i aconsegueix un record inoblidable."},{"type":"heading","widget":"heading","level":3,"text":"*Limitat a 20 places. Els xiquets han de ser abonats i tindre entre 5 i 11 anys (nascuts entre 2020 i 2014)"},{"type":"divider","widget":"divider"},{"type":"image","widget":"image","url":"https:\/\/villarrealcf.es\/wp-content\/uploads\/2025\/08\/Foto-Once.jpg","alt":"","width":1920,"height":1080,"srcset":"https:\/\/villarrealcf.es\/wp-content\/uploads\/2025\/08\/Foto-Once.jpg 1920w, https:\/\/villarrealcf.es\/wp-content\/uploads\/2025\/08\/Foto-Once.jpg 1920w, https:\/\/villarrealcf.es\/wp-content\/uploads\/2025\/08\/Foto-Once-1536x864.jpg 1536w, https:\/\/villarrealcf.es\/wp-content\/uploads\/2025\/08\/Foto-Once.jpg 1920w, https:\/\/villarrealcf.es\/wp-content\/uploads\/2025\/08\/Foto-Once.jpg 1920w, https:\/\/villarrealcf.es\/wp-content\/uploads\/2025\/08\/Foto-Once-32x18.jpg 32w, https:\/\/villarrealcf.es\/wp-content\/uploads\/2025\/08\/Foto-Once-150x84.jpg 150w, https:\/\/villarrealcf.es\/wp-content\/uploads\/2025\/08\/Foto-Once.jpg 1920w, https:\/\/villarrealcf.es\/wp-content\/uploads\/2025\/08\/Foto-Once-1200x675.jpg 1200w","sizes":"auto, (max-width: 1920px) 100vw, 1920px"},{"type":"widget","widget":"wpforms.default","text":"Please enable JavaScript in your browser to complete this form.Please enable JavaScript in your browser to complete this form.Nom complet *Data de naixement *Nom del pare\/mare\/tutor *Responsable del tractament: VILLARREAL CF SAD Finalitat en el tractament de les dades: sol\u00b7licitud per a realitzar una foto amb l'onze de l'equip. Legitimaci\u00f3: consentiment prestat i en compliment del contracte. Cessions: les dades cedides no seran en cap cas cedits a tercers excepte per obligacions legals expresses. Destinataris: No se cediran a tercers excepte obligaci\u00f3 legal. Dret dels interessats: Podr\u00e0 exercitar els seus drets sobre protecci\u00f3 de dades (acc\u00e9s, rectificaci\u00f3, oposici\u00f3, supressi\u00f3, decisions automatitzades, limitaci\u00f3 del tractament, portabilitat) per correu electr\u00f2nic en rgpd@villarrealcf.es. En qualsevol cas, pot sol\u00b7licitar la tutela de l'Ag\u00e8ncia Espanyola de Protecci\u00f3 de Dades a trav\u00e9s de la seua p\u00e0gina web https:\/\/www.aepd.es\/. Pot consultar m\u00e9s informaci\u00f3 sobre la pol\u00edtica de privacitat ac\u00ed.N\u00ba d'abonat *Tel\u00e8fon de contacte *Correu electr\u00f2nic *Pol\u00edtica de Privacitat *He llegit i accepte la politica de privacitatDerechos de im\u00e1genes *Accepte que les fotografies i imatges preses en activitats organitzades pel Villarreal CF en les quals m'inscric puguen ser publicades pel club en la seua p\u00e0gina web i perfils oficials de xarxes socials, aix\u00ed com en impresos o revistes de l'entitat, amb l'objectiu de difondre i il\u00b7lustrar l'activitat. En cap cas seran cedides a tercers o seran utilitzades per a cap altre motiu.Enviar"}],"structured":{"summary":{"text":"Fes-te una foto en l'amb l'onze inicial del pr\u00f2xim partit en casa! Vols fer-te una foto amb els teus \u00eddols en els moments previs al pr\u00f3xim partit del Submar\u00ed en casa? Viu una jornada especial posant en la gespa al costat dels jugadors del Villarreal CF. Emplena el formulari, inscriu-te i aconsegueix un record inoblidable. *Limitat a 20 places. Els xiquets han de ser abonats i tindre entre 5 i 11 anys (nascuts entre 2020 i 2014) Please enable JavaScript in your browser to complete this form.Please enable JavaScript in your browser to complete this form.Nom complet *Data de naixement *Nom del pare\/mare\/tutor *Responsable del tractament: VILLARREAL CF SAD Finalitat en el tractament de les dades: sol\u00b7licitud per a realitzar una foto amb l'onze de l'equip. Legitimaci\u00f3: consentiment prestat i en compliment del contracte. Cessions: les dades cedides no seran en cap cas cedits a tercers excepte per obligacions legals expresses. Destinataris: No se cediran a tercers excepte obligaci\u00f3 legal. Dret dels interessats: Podr\u00e0 exercitar els seus drets sobre protecci\u00f3 de dades (acc\u00e9s, rectificaci\u00f3, oposici\u00f3, supressi\u00f3, decisions automatitzades, limitaci\u00f3 del tractament, portabilitat) per correu electr\u00f2nic en rgpd@villarrealcf.es. En qualsevol cas, pot sol\u00b7licitar la tutela de l'Ag\u00e8ncia Espanyola de Protecci\u00f3 de Dades a trav\u00e9s de la seua p\u00e0gina web https:\/\/www.aepd.es\/. Pot consultar m\u00e9s informaci\u00f3 sobre la pol\u00edtica de privacitat ac\u00ed.N\u00ba d'abonat *Tel\u00e8fon de contacte *Correu electr\u00f2nic *Pol\u00edtica de Privacitat *He llegit i accepte la politica de privacitatDerechos de im\u00e1genes *Accepte que les fotografies i imatges preses en activitats organitzades pel Villarreal CF en les quals m'inscric puguen ser publicades pel club en la seua p\u00e0gina web i perfils oficials de xarxes socials, aix\u00ed com en impresos o revistes de l'entitat, amb l'objectiu de difondre i il\u00b7lustrar l'activitat. En cap cas seran cedides a tercers o seran utilitzades per a cap altre motiu.Enviar","headings":[{"type":"heading","widget":"heading","level":2,"text":"Fes-te una foto en l'amb l'onze inicial del pr\u00f2xim partit en casa!"},{"type":"heading","widget":"heading","level":3,"text":"Vols fer-te una foto amb els teus \u00eddols en els moments previs al pr\u00f3xim partit del Submar\u00ed en casa? Viu una jornada especial posant en la gespa al costat dels jugadors del Villarreal CF. Emplena el formulari, inscriu-te i aconsegueix un record inoblidable."},{"type":"heading","widget":"heading","level":3,"text":"*Limitat a 20 places. Els xiquets han de ser abonats i tindre entre 5 i 11 anys (nascuts entre 2020 i 2014)"}],"buttons":[],"images":[{"type":"image","widget":"image","url":"https:\/\/villarrealcf.es\/wp-content\/uploads\/2025\/08\/Foto-Once.jpg","alt":"","width":1920,"height":1080,"srcset":"https:\/\/villarrealcf.es\/wp-content\/uploads\/2025\/08\/Foto-Once.jpg 1920w, https:\/\/villarrealcf.es\/wp-content\/uploads\/2025\/08\/Foto-Once.jpg 1920w, https:\/\/villarrealcf.es\/wp-content\/uploads\/2025\/08\/Foto-Once-1536x864.jpg 1536w, https:\/\/villarrealcf.es\/wp-content\/uploads\/2025\/08\/Foto-Once.jpg 1920w, https:\/\/villarrealcf.es\/wp-content\/uploads\/2025\/08\/Foto-Once.jpg 1920w, https:\/\/villarrealcf.es\/wp-content\/uploads\/2025\/08\/Foto-Once-32x18.jpg 32w, https:\/\/villarrealcf.es\/wp-content\/uploads\/2025\/08\/Foto-Once-150x84.jpg 150w, https:\/\/villarrealcf.es\/wp-content\/uploads\/2025\/08\/Foto-Once.jpg 1920w, https:\/\/villarrealcf.es\/wp-content\/uploads\/2025\/08\/Foto-Once-1200x675.jpg 1200w","sizes":"auto, (max-width: 1920px) 100vw, 1920px"}],"counts":{"blocks":6,"headings":3,"texts":1,"buttons":0,"images":1},"containers":2},"sections":[{"id":"948edc9","type":"container","classes":["has-el-gap","el-gap-default","elementor-section","elementor-top-section","elementor-element","elementor-element-948edc9","elementor-section-boxed","elementor-section-height-default"],"title":"Fes-te una foto en l'amb l'onze inicial del pr\u00f2xim partit en casa!","text":"Fes-te una foto en l'amb l'onze inicial del pr\u00f2xim partit en casa! Vols fer-te una foto amb els teus \u00eddols en els moments previs al pr\u00f3xim partit del Submar\u00ed en casa? Viu una jornada especial posant en la gespa al costat dels jugadors del Villarreal CF. Emplena el formulari, inscriu-te i aconsegueix un record inoblidable. *Limitat a 20 places. Els xiquets han de ser abonats i tindre entre 5 i 11 anys (nascuts entre 2020 i 2014)","headings":[{"type":"heading","widget":"heading","level":2,"text":"Fes-te una foto en l'amb l'onze inicial del pr\u00f2xim partit en casa!"},{"type":"heading","widget":"heading","level":3,"text":"Vols fer-te una foto amb els teus \u00eddols en els moments previs al pr\u00f3xim partit del Submar\u00ed en casa? Viu una jornada especial posant en la gespa al costat dels jugadors del Villarreal CF. Emplena el formulari, inscriu-te i aconsegueix un record inoblidable."},{"type":"heading","widget":"heading","level":3,"text":"*Limitat a 20 places. Els xiquets han de ser abonats i tindre entre 5 i 11 anys (nascuts entre 2020 i 2014)"}],"texts":[],"buttons":[],"images":[],"widgets":["heading"],"blocks":[{"type":"heading","widget":"heading","level":2,"text":"Fes-te una foto en l'amb l'onze inicial del pr\u00f2xim partit en casa!"},{"type":"heading","widget":"heading","level":3,"text":"Vols fer-te una foto amb els teus \u00eddols en els moments previs al pr\u00f3xim partit del Submar\u00ed en casa? Viu una jornada especial posant en la gespa al costat dels jugadors del Villarreal CF. Emplena el formulari, inscriu-te i aconsegueix un record inoblidable."},{"type":"heading","widget":"heading","level":3,"text":"*Limitat a 20 places. Els xiquets han de ser abonats i tindre entre 5 i 11 anys (nascuts entre 2020 i 2014)"}],"children":[]},{"id":"d704682","type":"container","classes":["has-el-gap","el-gap-default","elementor-section","elementor-top-section","elementor-element","elementor-element-d704682","elementor-section-boxed","elementor-section-height-default"],"title":"","text":"Please enable JavaScript in your browser to complete this form.Please enable JavaScript in your browser to complete this form.Nom complet *Data de naixement *Nom del pare\/mare\/tutor *Responsable del tractament: VILLARREAL CF SAD Finalitat en el tractament de les dades: sol\u00b7licitud per a realitzar una foto amb l'onze de l'equip. Legitimaci\u00f3: consentiment prestat i en compliment del contracte. Cessions: les dades cedides no seran en cap cas cedits a tercers excepte per obligacions legals expresses. Destinataris: No se cediran a tercers excepte obligaci\u00f3 legal. Dret dels interessats: Podr\u00e0 exercitar els seus drets sobre protecci\u00f3 de dades (acc\u00e9s, rectificaci\u00f3, oposici\u00f3, supressi\u00f3, decisions automatitzades, limitaci\u00f3 del tractament, portabilitat) per correu electr\u00f2nic en rgpd@villarrealcf.es. En qualsevol cas, pot sol\u00b7licitar la tutela de l'Ag\u00e8ncia Espanyola de Protecci\u00f3 de Dades a trav\u00e9s de la seua p\u00e0gina web https:\/\/www.aepd.es\/. Pot consultar m\u00e9s informaci\u00f3 sobre la pol\u00edtica de privacitat ac\u00ed.N\u00ba d'abonat *Tel\u00e8fon de contacte *Correu electr\u00f2nic *Pol\u00edtica de Privacitat *He llegit i accepte la politica de privacitatDerechos de im\u00e1genes *Accepte que les fotografies i imatges preses en activitats organitzades pel Villarreal CF en les quals m'inscric puguen ser publicades pel club en la seua p\u00e0gina web i perfils oficials de xarxes socials, aix\u00ed com en impresos o revistes de l'entitat, amb l'objectiu de difondre i il\u00b7lustrar l'activitat. En cap cas seran cedides a tercers o seran utilitzades per a cap altre motiu.Enviar","headings":[],"texts":[{"type":"widget","widget":"wpforms.default","text":"Please enable JavaScript in your browser to complete this form.Please enable JavaScript in your browser to complete this form.Nom complet *Data de naixement *Nom del pare\/mare\/tutor *Responsable del tractament: VILLARREAL CF SAD Finalitat en el tractament de les dades: sol\u00b7licitud per a realitzar una foto amb l'onze de l'equip. Legitimaci\u00f3: consentiment prestat i en compliment del contracte. Cessions: les dades cedides no seran en cap cas cedits a tercers excepte per obligacions legals expresses. Destinataris: No se cediran a tercers excepte obligaci\u00f3 legal. Dret dels interessats: Podr\u00e0 exercitar els seus drets sobre protecci\u00f3 de dades (acc\u00e9s, rectificaci\u00f3, oposici\u00f3, supressi\u00f3, decisions automatitzades, limitaci\u00f3 del tractament, portabilitat) per correu electr\u00f2nic en rgpd@villarrealcf.es. En qualsevol cas, pot sol\u00b7licitar la tutela de l'Ag\u00e8ncia Espanyola de Protecci\u00f3 de Dades a trav\u00e9s de la seua p\u00e0gina web https:\/\/www.aepd.es\/. Pot consultar m\u00e9s informaci\u00f3 sobre la pol\u00edtica de privacitat ac\u00ed.N\u00ba d'abonat *Tel\u00e8fon de contacte *Correu electr\u00f2nic *Pol\u00edtica de Privacitat *He llegit i accepte la politica de privacitatDerechos de im\u00e1genes *Accepte que les fotografies i imatges preses en activitats organitzades pel Villarreal CF en les quals m'inscric puguen ser publicades pel club en la seua p\u00e0gina web i perfils oficials de xarxes socials, aix\u00ed com en impresos o revistes de l'entitat, amb l'objectiu de difondre i il\u00b7lustrar l'activitat. En cap cas seran cedides a tercers o seran utilitzades per a cap altre motiu.Enviar"}],"buttons":[],"images":[{"type":"image","widget":"image","url":"https:\/\/villarrealcf.es\/wp-content\/uploads\/2025\/08\/Foto-Once.jpg","alt":"","width":1920,"height":1080,"srcset":"https:\/\/villarrealcf.es\/wp-content\/uploads\/2025\/08\/Foto-Once.jpg 1920w, https:\/\/villarrealcf.es\/wp-content\/uploads\/2025\/08\/Foto-Once.jpg 1920w, https:\/\/villarrealcf.es\/wp-content\/uploads\/2025\/08\/Foto-Once-1536x864.jpg 1536w, https:\/\/villarrealcf.es\/wp-content\/uploads\/2025\/08\/Foto-Once.jpg 1920w, https:\/\/villarrealcf.es\/wp-content\/uploads\/2025\/08\/Foto-Once.jpg 1920w, https:\/\/villarrealcf.es\/wp-content\/uploads\/2025\/08\/Foto-Once-32x18.jpg 32w, https:\/\/villarrealcf.es\/wp-content\/uploads\/2025\/08\/Foto-Once-150x84.jpg 150w, https:\/\/villarrealcf.es\/wp-content\/uploads\/2025\/08\/Foto-Once.jpg 1920w, https:\/\/villarrealcf.es\/wp-content\/uploads\/2025\/08\/Foto-Once-1200x675.jpg 1200w","sizes":"auto, (max-width: 1920px) 100vw, 1920px"}],"widgets":["divider","image","wpforms.default"],"blocks":[{"type":"divider","widget":"divider"},{"type":"image","widget":"image","url":"https:\/\/villarrealcf.es\/wp-content\/uploads\/2025\/08\/Foto-Once.jpg","alt":"","width":1920,"height":1080,"srcset":"https:\/\/villarrealcf.es\/wp-content\/uploads\/2025\/08\/Foto-Once.jpg 1920w, https:\/\/villarrealcf.es\/wp-content\/uploads\/2025\/08\/Foto-Once.jpg 1920w, https:\/\/villarrealcf.es\/wp-content\/uploads\/2025\/08\/Foto-Once-1536x864.jpg 1536w, https:\/\/villarrealcf.es\/wp-content\/uploads\/2025\/08\/Foto-Once.jpg 1920w, https:\/\/villarrealcf.es\/wp-content\/uploads\/2025\/08\/Foto-Once.jpg 1920w, https:\/\/villarrealcf.es\/wp-content\/uploads\/2025\/08\/Foto-Once-32x18.jpg 32w, https:\/\/villarrealcf.es\/wp-content\/uploads\/2025\/08\/Foto-Once-150x84.jpg 150w, https:\/\/villarrealcf.es\/wp-content\/uploads\/2025\/08\/Foto-Once.jpg 1920w, https:\/\/villarrealcf.es\/wp-content\/uploads\/2025\/08\/Foto-Once-1200x675.jpg 1200w","sizes":"auto, (max-width: 1920px) 100vw, 1920px"},{"type":"widget","widget":"wpforms.default","text":"Please enable JavaScript in your browser to complete this form.Please enable JavaScript in your browser to complete this form.Nom complet *Data de naixement *Nom del pare\/mare\/tutor *Responsable del tractament: VILLARREAL CF SAD Finalitat en el tractament de les dades: sol\u00b7licitud per a realitzar una foto amb l'onze de l'equip. Legitimaci\u00f3: consentiment prestat i en compliment del contracte. Cessions: les dades cedides no seran en cap cas cedits a tercers excepte per obligacions legals expresses. Destinataris: No se cediran a tercers excepte obligaci\u00f3 legal. Dret dels interessats: Podr\u00e0 exercitar els seus drets sobre protecci\u00f3 de dades (acc\u00e9s, rectificaci\u00f3, oposici\u00f3, supressi\u00f3, decisions automatitzades, limitaci\u00f3 del tractament, portabilitat) per correu electr\u00f2nic en rgpd@villarrealcf.es. En qualsevol cas, pot sol\u00b7licitar la tutela de l'Ag\u00e8ncia Espanyola de Protecci\u00f3 de Dades a trav\u00e9s de la seua p\u00e0gina web https:\/\/www.aepd.es\/. Pot consultar m\u00e9s informaci\u00f3 sobre la pol\u00edtica de privacitat ac\u00ed.N\u00ba d'abonat *Tel\u00e8fon de contacte *Correu electr\u00f2nic *Pol\u00edtica de Privacitat *He llegit i accepte la politica de privacitatDerechos de im\u00e1genes *Accepte que les fotografies i imatges preses en activitats organitzades pel Villarreal CF en les quals m'inscric puguen ser publicades pel club en la seua p\u00e0gina web i perfils oficials de xarxes socials, aix\u00ed com en impresos o revistes de l'entitat, amb l'objectiu de difondre i il\u00b7lustrar l'activitat. En cap cas seran cedides a tercers o seran utilitzades per a cap altre motiu.Enviar"}],"children":[]}],"hero":{"id":"948edc9","type":"container","classes":["has-el-gap","el-gap-default","elementor-section","elementor-top-section","elementor-element","elementor-element-948edc9","elementor-section-boxed","elementor-section-height-default"],"title":"Fes-te una foto en l'amb l'onze inicial del pr\u00f2xim partit en casa!","text":"Fes-te una foto en l'amb l'onze inicial del pr\u00f2xim partit en casa! Vols fer-te una foto amb els teus \u00eddols en els moments previs al pr\u00f3xim partit del Submar\u00ed en casa? Viu una jornada especial posant en la gespa al costat dels jugadors del Villarreal CF. Emplena el formulari, inscriu-te i aconsegueix un record inoblidable. *Limitat a 20 places. Els xiquets han de ser abonats i tindre entre 5 i 11 anys (nascuts entre 2020 i 2014)","headings":[{"type":"heading","widget":"heading","level":2,"text":"Fes-te una foto en l'amb l'onze inicial del pr\u00f2xim partit en casa!"},{"type":"heading","widget":"heading","level":3,"text":"Vols fer-te una foto amb els teus \u00eddols en els moments previs al pr\u00f3xim partit del Submar\u00ed en casa? Viu una jornada especial posant en la gespa al costat dels jugadors del Villarreal CF. Emplena el formulari, inscriu-te i aconsegueix un record inoblidable."},{"type":"heading","widget":"heading","level":3,"text":"*Limitat a 20 places. Els xiquets han de ser abonats i tindre entre 5 i 11 anys (nascuts entre 2020 i 2014)"}],"texts":[],"buttons":[],"images":[],"widgets":["heading"],"blocks":[{"type":"heading","widget":"heading","level":2,"text":"Fes-te una foto en l'amb l'onze inicial del pr\u00f2xim partit en casa!"},{"type":"heading","widget":"heading","level":3,"text":"Vols fer-te una foto amb els teus \u00eddols en els moments previs al pr\u00f3xim partit del Submar\u00ed en casa? Viu una jornada especial posant en la gespa al costat dels jugadors del Villarreal CF. Emplena el formulari, inscriu-te i aconsegueix un record inoblidable."},{"type":"heading","widget":"heading","level":3,"text":"*Limitat a 20 places. Els xiquets han de ser abonats i tindre entre 5 i 11 anys (nascuts entre 2020 i 2014)"}],"children":[]}},"sections":[{"id":"948edc9","title":"Fes-te una foto en l'amb l'onze inicial del pr\u00f2xim partit en casa!","text":"Fes-te una foto en l'amb l'onze inicial del pr\u00f2xim partit en casa! Vols fer-te una foto amb els teus \u00eddols en els moments previs al pr\u00f3xim partit del Submar\u00ed en casa? Viu una jornada especial posant en la gespa al costat dels jugadors del Villarreal CF. Emplena el formulari, inscriu-te i aconsegueix un record inoblidable. *Limitat a 20 places. Els xiquets han de ser abonats i tindre entre 5 i 11 anys (nascuts entre 2020 i 2014)","url":"","background_image":"","images":[],"videos":[],"links":[]},{"id":"d704682","title":"ac\u00ed","text":"Please enable JavaScript in your browser to complete this form.Please enable JavaScript in your browser to complete this form.Nom complet *Data de naixement *Nom del pare\/mare\/tutor *Responsable del tractament: VILLARREAL CF SAD Finalitat en el tractament de les dades: sol\u00b7licitud per a realitzar una foto amb l'onze de l'equip. Legitimaci\u00f3: consentiment prestat i en compliment del contracte. Cessions: les dades cedides no seran en cap cas cedits a tercers excepte per obligacions legals expresses. Destinataris: No se cediran a tercers excepte obligaci\u00f3 legal. Dret dels interessats: Podr\u00e0 exercitar els seus drets sobre protecci\u00f3 de dades (acc\u00e9s, rectificaci\u00f3, oposici\u00f3, supressi\u00f3, decisions automatitzades, limitaci\u00f3 del tractament, portabilitat) per correu electr\u00f2nic en rgpd@villarrealcf.es. En qualsevol cas, pot sol\u00b7licitar la tutela de l'Ag\u00e8ncia Espanyola de Protecci\u00f3 de Dades a trav\u00e9s de la seua p\u00e0gina web https:\/\/www.aepd.es\/. Pot consultar m\u00e9s informaci\u00f3 sobre la pol\u00edtica de privacitat ac\u00ed.N\u00ba d'abonat *Tel\u00e8fon de contacte *Correu electr\u00f2nic *Pol\u00edtica de Privacitat *He llegit i accepte la politica de privacitatDerechos de im\u00e1genes *Accepte que les fotografies i imatges preses en activitats organitzades pel Villarreal CF en les quals m'inscric puguen ser publicades pel club en la seua p\u00e0gina web i perfils oficials de xarxes socials, aix\u00ed com en impresos o revistes de l'entitat, amb l'objectiu de difondre i il\u00b7lustrar l'activitat. En cap cas seran cedides a tercers o seran utilitzades per a cap altre motiu.Enviar","url":"\/politica-proteccion-de-dades","background_image":"","images":[{"url":"https:\/\/villarrealcf.es\/wp-content\/uploads\/2025\/08\/Foto-Once.jpg","alt":"","width":1920,"height":1080},{"url":"https:\/\/villarrealcf.es\/wp-content\/plugins\/wpforms\/assets\/images\/submit-spin.svg","alt":"Loading","width":26,"height":26}],"videos":[],"links":[{"url":"\/politica-proteccion-de-dades","text":"ac\u00ed","target":""}]}]},"excerpt":{"rendered":"Fes-te una foto en l&#8217;amb l&#8217;onze inicial del pr\u00f2xim partit en casa! Vols fer-te una foto amb els teus \u00eddols en els moments previs al pr\u00f3xim partit del Submar\u00ed en casa? Viu una jornada especial posant en la gespa al costat dels jugadors del Villarreal CF. Emplena el formulari, inscriu-te i aconsegueix un record inoblidable.","protected":false},"author":1,"featured_media":0,"parent":0,"menu_order":0,"comment_status":"closed","ping_status":"closed","template":"page-templates\/no-wrapper.php","meta":{"_acf_changed":false,"footnotes":""},"acf":null,"lang":"val","translations":{"en":238413,"es":238419,"val":238420},"essential_grid":{"has_grid":false},"formatted_date":"December 22, 2022","modified_date":"March 18, 2026","permalink":"https:\/\/villarrealcf.es\/val\/foto-con-el-xi-del-equipo\/","reading_time":2,"featured_media_data":null,"author_data":{"id":"1","name":"root_envidea","first_name":"Villarreal CF","last_name":"","description":"","avatar_url":"https:\/\/secure.gravatar.com\/avatar\/48f95f42a3ccc324f3a3458e4b9e6fb070b083e99d388e170c1afb061fa99b63?s=96&d=mm&r=g","acf":null},"taxonomies_data":{"translation_priority":[{"id":735,"name":"Optional","slug":"optional-val","acf":null}]},"seo_full":{"native":{"title":"La teua foto amb el XI de l&#8217;equip - Web Oficial del Villarreal CF","description":"Fes-te una foto en l'amb l'onze inicial del pr\u00f2xim partit en casa! Vols fer-te una foto amb els teus \u00eddols&hellip;","canonical":"https:\/\/villarrealcf.es\/val\/foto-con-el-xi-del-equipo\/"}},"_links":{"self":[{"href":"https:\/\/villarrealcf.es\/val\/wp-json\/wp\/v2\/pages\/238420","targetHints":{"allow":["GET"]}}],"collection":[{"href":"https:\/\/villarrealcf.es\/val\/wp-json\/wp\/v2\/pages"}],"about":[{"href":"https:\/\/villarrealcf.es\/val\/wp-json\/wp\/v2\/types\/page"}],"author":[{"embeddable":true,"href":"https:\/\/villarrealcf.es\/val\/wp-json\/wp\/v2\/users\/1"}],"replies":[{"embeddable":true,"href":"https:\/\/villarrealcf.es\/val\/wp-json\/wp\/v2\/comments?post=238420"}],"version-history":[{"count":107,"href":"https:\/\/villarrealcf.es\/val\/wp-json\/wp\/v2\/pages\/238420\/revisions"}],"predecessor-version":[{"id":626086,"href":"https:\/\/villarrealcf.es\/val\/wp-json\/wp\/v2\/pages\/238420\/revisions\/626086"}],"wp:attachment":[{"href":"https:\/\/villarrealcf.es\/val\/wp-json\/wp\/v2\/media?parent=238420"}],"curies":[{"name":"wp","href":"https:\/\/api.w.org\/{rel}","templated":true}]}}